{"id":30885,"date":"2015-11-04T10:19:48","date_gmt":"2015-11-04T09:19:48","guid":{"rendered":"https:\/\/www.gestmusic.es\/dev\/premios-gestmusic\/"},"modified":"2026-04-15T11:30:15","modified_gmt":"2026-04-15T10:30:15","slug":"premis-gestmusic","status":"publish","type":"page","link":"https:\/\/www.gestmusic.es\/ca\/premis-gestmusic\/","title":{"rendered":"Premis"},"content":{"rendered":"[vc_row type=&#8221;in_container&#8221; full_screen_row_position=&#8221;middle&#8221; column_margin=&#8221;default&#8221; column_direction=&#8221;default&#8221; column_direction_tablet=&#8221;default&#8221; column_direction_phone=&#8221;default&#8221; scene_position=&#8221;center&#8221; text_color=&#8221;dark&#8221; text_align=&#8221;left&#8221; row_border_radius=&#8221;none&#8221; row_border_radius_applies=&#8221;bg&#8221; row_position_desktop=&#8221;default&#8221; row_position_tablet=&#8221;inherit&#8221; row_position_phone=&#8221;inherit&#8221; overflow=&#8221;visible&#8221; class=&#8221;half-split-top&#8221; advanced_gradient_angle=&#8221;0&#8243; overlay_strength=&#8221;0.3&#8243; gradient_direction=&#8221;left_to_right&#8221; shape_divider_position=&#8221;bottom&#8221; bg_image_animation=&#8221;none&#8221; gradient_type=&#8221;default&#8221; shape_type=&#8221;&#8221;][vc_column column_padding=&#8221;no-extra-padding&#8221; column_padding_tablet=&#8221;inherit&#8221; column_padding_phone=&#8221;inherit&#8221; column_padding_position=&#8221;all&#8221; flex_gap_desktop=&#8221;10px&#8221; column_element_direction_desktop=&#8221;default&#8221; column_element_spacing=&#8221;default&#8221; desktop_text_alignment=&#8221;default&#8221; tablet_text_alignment=&#8221;default&#8221; phone_text_alignment=&#8221;default&#8221; background_color_opacity=&#8221;1&#8243; background_hover_color_opacity=&#8221;1&#8243; column_backdrop_filter=&#8221;none&#8221; column_shadow=&#8221;none&#8221; column_border_radius=&#8221;none&#8221; column_link_target=&#8221;_self&#8221; column_position=&#8221;default&#8221; gradient_direction=&#8221;left_to_right&#8221; overlay_strength=&#8221;0.3&#8243; width=&#8221;1\/1&#8243; tablet_width_inherit=&#8221;default&#8221; animation_type=&#8221;default&#8221; bg_image_animation=&#8221;none&#8221; border_type=&#8221;simple&#8221; column_border_width=&#8221;none&#8221; column_border_style=&#8221;solid&#8221;][vc_column_text]\n<h1>Premis<\/h1>\n[\/vc_column_text][\/vc_column][\/vc_row][vc_row type=&#8221;in_container&#8221; full_screen_row_position=&#8221;middle&#8221; column_margin=&#8221;default&#8221; column_direction=&#8221;default&#8221; column_direction_tablet=&#8221;default&#8221; column_direction_phone=&#8221;default&#8221; scene_position=&#8221;center&#8221; text_color=&#8221;dark&#8221; text_align=&#8221;left&#8221; row_border_radius=&#8221;none&#8221; row_border_radius_applies=&#8221;bg&#8221; row_position_desktop=&#8221;default&#8221; row_position_tablet=&#8221;inherit&#8221; row_position_phone=&#8221;inherit&#8221; overflow=&#8221;visible&#8221; class=&#8221;mini-split-top half-split&#8221; disable_element=&#8221;yes&#8221; advanced_gradient_angle=&#8221;0&#8243; overlay_strength=&#8221;0.3&#8243; gradient_direction=&#8221;left_to_right&#8221; shape_divider_position=&#8221;bottom&#8221; bg_image_animation=&#8221;none&#8221; gradient_type=&#8221;default&#8221; shape_type=&#8221;&#8221;][vc_column column_padding=&#8221;no-extra-padding&#8221; column_padding_tablet=&#8221;inherit&#8221; column_padding_phone=&#8221;inherit&#8221; column_padding_position=&#8221;all&#8221; flex_gap_desktop=&#8221;10px&#8221; column_element_direction_desktop=&#8221;default&#8221; column_element_spacing=&#8221;default&#8221; desktop_text_alignment=&#8221;default&#8221; tablet_text_alignment=&#8221;default&#8221; phone_text_alignment=&#8221;default&#8221; background_color_opacity=&#8221;1&#8243; background_hover_color_opacity=&#8221;1&#8243; column_backdrop_filter=&#8221;none&#8221; column_shadow=&#8221;none&#8221; column_border_radius=&#8221;none&#8221; column_link_target=&#8221;_self&#8221; column_position=&#8221;default&#8221; advanced_gradient_angle=&#8221;0&#8243; gradient_direction=&#8221;left_to_right&#8221; overlay_strength=&#8221;0.3&#8243; width=&#8221;1\/1&#8243; tablet_width_inherit=&#8221;default&#8221; animation_type=&#8221;default&#8221; bg_image_animation=&#8221;none&#8221; border_type=&#8221;simple&#8221; column_border_width=&#8221;none&#8221; column_border_style=&#8221;solid&#8221; gradient_type=&#8221;default&#8221;][vc_row_inner column_margin=&#8221;default&#8221; column_direction=&#8221;default&#8221; column_direction_tablet=&#8221;default&#8221; column_direction_phone=&#8221;default&#8221; text_align=&#8221;left&#8221; row_position=&#8221;default&#8221; row_position_tablet=&#8221;inherit&#8221; row_position_phone=&#8221;inherit&#8221; overflow=&#8221;visible&#8221; pointer_events=&#8221;all&#8221;][vc_column_inner column_padding=&#8221;no-extra-padding&#8221; column_padding_tablet=&#8221;inherit&#8221; column_padding_phone=&#8221;inherit&#8221; column_padding_position=&#8221;all&#8221; flex_gap_desktop=&#8221;10px&#8221; column_element_direction_desktop=&#8221;default&#8221; column_element_spacing=&#8221;default&#8221; desktop_text_alignment=&#8221;default&#8221; tablet_text_alignment=&#8221;default&#8221; phone_text_alignment=&#8221;default&#8221; background_color_opacity=&#8221;1&#8243; background_hover_color_opacity=&#8221;1&#8243; column_backdrop_filter=&#8221;none&#8221; column_shadow=&#8221;none&#8221; column_border_radius=&#8221;none&#8221; column_link_target=&#8221;_self&#8221; overflow=&#8221;visible&#8221; advanced_gradient_angle=&#8221;0&#8243; gradient_direction=&#8221;left_to_right&#8221; overlay_strength=&#8221;0.3&#8243; width=&#8221;1\/12&#8243; tablet_width_inherit=&#8221;default&#8221; animation_type=&#8221;default&#8221; bg_image_animation=&#8221;none&#8221; border_type=&#8221;simple&#8221; column_border_width=&#8221;none&#8221; column_border_style=&#8221;solid&#8221; gradient_type=&#8221;default&#8221; offset=&#8221;vc_hidden-sm vc_hidden-xs&#8221;][\/vc_column_inner][vc_column_inner column_padding=&#8221;no-extra-padding&#8221; column_padding_tablet=&#8221;inherit&#8221; column_padding_phone=&#8221;inherit&#8221; column_padding_position=&#8221;all&#8221; flex_gap_desktop=&#8221;10px&#8221; column_element_direction_desktop=&#8221;default&#8221; column_element_spacing=&#8221;default&#8221; desktop_text_alignment=&#8221;default&#8221; tablet_text_alignment=&#8221;default&#8221; phone_text_alignment=&#8221;default&#8221; background_color_opacity=&#8221;1&#8243; background_hover_color_opacity=&#8221;1&#8243; column_backdrop_filter=&#8221;none&#8221; column_shadow=&#8221;none&#8221; column_border_radius=&#8221;none&#8221; column_link_target=&#8221;_self&#8221; overflow=&#8221;visible&#8221; gradient_direction=&#8221;left_to_right&#8221; overlay_strength=&#8221;0.3&#8243; width=&#8221;10\/12&#8243; tablet_width_inherit=&#8221;default&#8221; animation_type=&#8221;default&#8221; bg_image_animation=&#8221;none&#8221; border_type=&#8221;simple&#8221; column_border_width=&#8221;none&#8221; column_border_style=&#8221;solid&#8221;][vc_column_text]\n<div class=\"award-top\">\n<div class=\"premios\">ONDAS<\/div>\n<div class=\"premios-numero\">17<\/div>\n<div class=\"premios\">PREMIOS TALENTO<\/div>\n<div class=\"premios-numero\">17<\/div>\n<\/div>\n[\/vc_column_text][\/vc_column_inner][vc_column_inner column_padding=&#8221;no-extra-padding&#8221; column_padding_tablet=&#8221;inherit&#8221; column_padding_phone=&#8221;inherit&#8221; column_padding_position=&#8221;all&#8221; flex_gap_desktop=&#8221;10px&#8221; column_element_direction_desktop=&#8221;default&#8221; column_element_spacing=&#8221;default&#8221; desktop_text_alignment=&#8221;default&#8221; tablet_text_alignment=&#8221;default&#8221; phone_text_alignment=&#8221;default&#8221; background_color_opacity=&#8221;1&#8243; background_hover_color_opacity=&#8221;1&#8243; column_backdrop_filter=&#8221;none&#8221; column_shadow=&#8221;none&#8221; column_border_radius=&#8221;none&#8221; column_link_target=&#8221;_self&#8221; overflow=&#8221;visible&#8221; advanced_gradient_angle=&#8221;0&#8243; gradient_direction=&#8221;left_to_right&#8221; overlay_strength=&#8221;0.3&#8243; width=&#8221;1\/12&#8243; tablet_width_inherit=&#8221;default&#8221; animation_type=&#8221;default&#8221; bg_image_animation=&#8221;none&#8221; border_type=&#8221;simple&#8221; column_border_width=&#8221;none&#8221; column_border_style=&#8221;solid&#8221; gradient_type=&#8221;default&#8221; offset=&#8221;vc_hidden-sm vc_hidden-xs&#8221;][\/vc_column_inner][\/vc_row_inner][\/vc_column][\/vc_row][vc_row type=&#8221;in_container&#8221; full_screen_row_position=&#8221;middle&#8221; column_margin=&#8221;default&#8221; column_direction=&#8221;default&#8221; column_direction_tablet=&#8221;default&#8221; column_direction_phone=&#8221;default&#8221; scene_position=&#8221;center&#8221; text_color=&#8221;dark&#8221; text_align=&#8221;left&#8221; row_border_radius=&#8221;none&#8221; row_border_radius_applies=&#8221;bg&#8221; row_position_desktop=&#8221;default&#8221; row_position_tablet=&#8221;inherit&#8221; row_position_phone=&#8221;inherit&#8221; overflow=&#8221;visible&#8221; advanced_gradient_angle=&#8221;0&#8243; overlay_strength=&#8221;0.3&#8243; gradient_direction=&#8221;left_to_right&#8221; shape_divider_position=&#8221;bottom&#8221; bg_image_animation=&#8221;none&#8221; gradient_type=&#8221;default&#8221; shape_type=&#8221;&#8221;][vc_column column_padding=&#8221;no-extra-padding&#8221; column_padding_tablet=&#8221;inherit&#8221; column_padding_phone=&#8221;inherit&#8221; column_padding_position=&#8221;all&#8221; flex_gap_desktop=&#8221;10px&#8221; column_element_direction_desktop=&#8221;default&#8221; column_element_spacing=&#8221;default&#8221; desktop_text_alignment=&#8221;default&#8221; tablet_text_alignment=&#8221;default&#8221; phone_text_alignment=&#8221;default&#8221; background_color_opacity=&#8221;1&#8243; background_hover_color_opacity=&#8221;1&#8243; column_backdrop_filter=&#8221;none&#8221; column_shadow=&#8221;none&#8221; column_border_radius=&#8221;none&#8221; column_link_target=&#8221;_self&#8221; column_position=&#8221;default&#8221; advanced_gradient_angle=&#8221;0&#8243; gradient_direction=&#8221;left_to_right&#8221; overlay_strength=&#8221;0.3&#8243; width=&#8221;1\/1&#8243; tablet_width_inherit=&#8221;default&#8221; animation_type=&#8221;default&#8221; bg_image_animation=&#8221;none&#8221; border_type=&#8221;simple&#8221; column_border_width=&#8221;none&#8221; column_border_style=&#8221;solid&#8221; gradient_type=&#8221;default&#8221;][vc_row_inner column_margin=&#8221;default&#8221; column_direction=&#8221;default&#8221; column_direction_tablet=&#8221;default&#8221; column_direction_phone=&#8221;default&#8221; text_align=&#8221;left&#8221; row_position=&#8221;default&#8221; row_position_tablet=&#8221;inherit&#8221; row_position_phone=&#8221;inherit&#8221; overflow=&#8221;visible&#8221; pointer_events=&#8221;all&#8221;][vc_column_inner column_padding=&#8221;no-extra-padding&#8221; column_padding_tablet=&#8221;inherit&#8221; column_padding_phone=&#8221;inherit&#8221; column_padding_position=&#8221;all&#8221; flex_gap_desktop=&#8221;10px&#8221; column_element_direction_desktop=&#8221;default&#8221; column_element_spacing=&#8221;default&#8221; desktop_text_alignment=&#8221;default&#8221; tablet_text_alignment=&#8221;default&#8221; phone_text_alignment=&#8221;default&#8221; background_color_opacity=&#8221;1&#8243; background_hover_color_opacity=&#8221;1&#8243; column_backdrop_filter=&#8221;none&#8221; column_shadow=&#8221;none&#8221; column_border_radius=&#8221;none&#8221; column_link_target=&#8221;_self&#8221; overflow=&#8221;visible&#8221; advanced_gradient_angle=&#8221;0&#8243; gradient_direction=&#8221;left_to_right&#8221; overlay_strength=&#8221;0.3&#8243; width=&#8221;1\/12&#8243; tablet_width_inherit=&#8221;default&#8221; animation_type=&#8221;default&#8221; bg_image_animation=&#8221;none&#8221; border_type=&#8221;simple&#8221; column_border_width=&#8221;none&#8221; column_border_style=&#8221;solid&#8221; gradient_type=&#8221;default&#8221; offset=&#8221;vc_hidden-sm vc_hidden-xs&#8221;][\/vc_column_inner][vc_column_inner column_padding=&#8221;no-extra-padding&#8221; column_padding_tablet=&#8221;inherit&#8221; column_padding_phone=&#8221;inherit&#8221; column_padding_position=&#8221;all&#8221; flex_gap_desktop=&#8221;10px&#8221; column_element_direction_desktop=&#8221;default&#8221; column_element_spacing=&#8221;default&#8221; desktop_text_alignment=&#8221;default&#8221; tablet_text_alignment=&#8221;default&#8221; phone_text_alignment=&#8221;default&#8221; background_color_opacity=&#8221;1&#8243; background_hover_color_opacity=&#8221;1&#8243; column_backdrop_filter=&#8221;none&#8221; column_shadow=&#8221;none&#8221; column_border_radius=&#8221;none&#8221; column_link_target=&#8221;_self&#8221; overflow=&#8221;visible&#8221; gradient_direction=&#8221;left_to_right&#8221; overlay_strength=&#8221;0.3&#8243; width=&#8221;10\/12&#8243; tablet_width_inherit=&#8221;default&#8221; animation_type=&#8221;default&#8221; bg_image_animation=&#8221;none&#8221; border_type=&#8221;simple&#8221; column_border_width=&#8221;none&#8221; column_border_style=&#8221;solid&#8221;][vc_column_text css=&#8221;&#8221; text_direction=&#8221;default&#8221;]\n<ul>\n<li class=\"award-ittem\">\n<div class=\"award-year\">2026<\/div>\n<div class=\"award-program\">Operaci\u00f3n Triunfo<\/div>\n<div class=\"award-detail\">Premio Isla: reconeixement com a plataforma clau en l&#8217;impuls del talent musical jove<\/div>\n<\/li>\n<li class=\"award-ittem\">\n<div class=\"award-year\">2025<\/div>\n<div class=\"award-program\">Tu Cara Me Suena<\/div>\n<div class=\"award-detail\">Premi F\u00f3rmula TV 2025 com a millor talent show<\/div>\n<\/li>\n<li class=\"award-ittem\">\n<div class=\"award-year\">2025<\/div>\n<div class=\"award-program\">Operaci\u00f3n Triunfo<\/div>\n<div class=\"award-detail\">Premi TikTok 2024: &#8216;Premi colaboraci\u00f3 TikTok: disruptors de la ind\u00fastria&#8217;<\/div>\n<\/li>\n<li class=\"award-ittem\">\n<div class=\"award-year\">2025<\/div>\n<div class=\"award-program\">Gestmusic<\/div>\n<div class=\"award-detail\">Premi Iberia com a &#8216;Millor client corporatiu 2024&#8217;<\/div>\n<\/li>\n<li class=\"award-ittem\">\n<div class=\"award-year\">2025<\/div>\n<div class=\"award-program\">Tu Cara Me Suena<\/div>\n<div class=\"award-detail\">Premi Iris 2025: Millor producci\u00f3 d&#8217;entreteniment<\/div>\n<\/li>\n<li class=\"award-ittem\">\n<div class=\"award-year\">2024<\/div>\n<div class=\"award-program\">Operaci\u00f3n Triunfo 2023<\/div>\n<div class=\"award-detail\">Premi en la categoria de TV al Festival Endimaris Sitges 2024<\/div>\n<\/li>\n<li class=\"award-ittem\">\n<div class=\"award-year\">2024<\/div>\n<div class=\"award-program\">Operaci\u00f3n Triunfo 2023<\/div>\n<div class=\"award-detail\">Premi PRODU 2024: Millor contingut de Realitat de Talent Original Iberoameric\u00e0<\/div>\n<\/li>\n<li class=\"award-ittem\">\n<div class=\"award-year\">2024<\/div>\n<div class=\"award-program\">Operaci\u00f3n Triunfo 2023<\/div>\n<div class=\"award-detail\">Tinet Rubira, Premi PRODU 2024: Millor Productor d&#8217;Entreteniment-Reality<\/div>\n<\/li>\n<li class=\"award-ittem\">\n<div class=\"award-year\">2024<\/div>\n<div class=\"award-program\">Operaci\u00f3n Triunfo 2023<\/div>\n<div class=\"award-detail\">Premi Banijay al millor programa d&#8217;entreteniment<\/div>\n<\/li>\n<li class=\"award-ittem\">\n<div class=\"award-year\">2024<\/div>\n<div class=\"award-program\">Tu Cara Me Suena<\/div>\n<div class=\"award-detail\">Ferran Armengol, Premi Iris al millor realitzador per &#8216;Tu cara me suena&#8217;<\/div>\n<\/li>\n<li class=\"award-ittem\">\n<div class=\"award-year\">2024<\/div>\n<div class=\"award-program\">Operaci\u00f3n Triunfo 2023<\/div>\n<div class=\"award-detail\">Premi Diversa a la TV 2024<\/div>\n<\/li>\n<li class=\"award-ittem\">\n<div class=\"award-year\">2024<\/div>\n<div class=\"award-program\">Operaci\u00f3n Triunfo 2023<\/div>\n<div class=\"award-detail\">Premi Alcazaba 2024 com a millor programa d\u2019entreteniment<\/div>\n<\/li>\n<li class=\"award-ittem\">\n<div class=\"award-year\">2024<\/div>\n<div class=\"award-program\">Operaci\u00f3n Triunfo 2023<\/div>\n<div class=\"award-detail\">Premi \u00cddolo &#8216;Projecte audiovisual&#8217;: Operaci\u00f3n Triunfo<\/div>\n<\/li>\n<li class=\"award-ittem\">\n<div class=\"award-year\">2020<\/div>\n<div class=\"award-program\">Operaci\u00f3n Triunfo 2020<\/div>\n<div class=\"award-detail\">Millor talent show 2020 als \u2018Premis Telemagazine\u2019<\/div>\n<\/li>\n<li class=\"award-ittem\">\n<div class=\"award-year\">2020<\/div>\n<div class=\"award-program\">Tu Cara Me Suena<\/div>\n<div class=\"award-detail\">Millor talent show 2020 als Premis \u2018M\u00e1s de Tele\u2019<\/div>\n<\/li>\n<li class=\"award-ittem\">\n<div class=\"award-year\">2020<\/div>\n<div class=\"award-program\">Operaci\u00f3n Triunfo 2020<\/div>\n<div class=\"award-detail\">Roberto Leal, Premi \u201cEl Televisero\u201d com a millor presentador del 2020<\/div>\n<\/li>\n<li class=\"award-ittem\">\n<div class=\"award-year\">2019<\/div>\n<div class=\"award-program\">\u00a1BOOM!<\/div>\n<div class=\"award-detail\">Juanra Bonet, Premi Antena de Oro 2019<\/div>\n<\/li>\n<li class=\"award-ittem\">\n<div class=\"award-year\">2019<\/div>\n<div class=\"award-program\">\u00a1BOOM!<\/div>\n<div class=\"award-detail\">Premi Aracena 2019<\/div>\n<\/li>\n<li class=\"award-ittem\">\n<div class=\"award-year\">2019<\/div>\n<div class=\"award-program\">\u00a1BOOM!<\/div>\n<div class=\"award-detail\">Juanra Bonet, Premi Joan Ram\u00f3n Mainat en el Festval de Vitoria 2019<\/div>\n<\/li>\n<li class=\"award-ittem\">\n<div class=\"award-year\">2019<\/div>\n<div class=\"award-program\">\u00a1BOOM!<\/div>\n<div class=\"award-detail\">Millor concurs 2019 als Premis Aqu\u00ed TV<\/div>\n<\/li>\n<li class=\"award-ittem\">\n<div class=\"award-year\">2019<\/div>\n<div class=\"award-program\">Tu Cara Me Suena<\/div>\n<div class=\"award-detail\">Premi \u201ctalent show\u201d La Alcazaba 2019<\/div>\n<\/li>\n<li class=\"award-ittem\">\n<div class=\"award-year\">2019<\/div>\n<div class=\"award-program\">Operaci\u00f3n Triunfo 2018<\/div>\n<div class=\"award-detail\">Operaci\u00f3n Triunfo: como reinventar la televisi\u00f3n en la era social,\u00a0Premiada en Aedemo TV amb la pon\u00e8ncia m\u00e9s innovadora<\/div>\n<\/li>\n<li class=\"award-ittem\">\n<div class=\"award-year\">2019<\/div>\n<div class=\"award-program\">\u00a1Ahora Caigo!<\/div>\n<div class=\"award-detail\">Premi Teleaudiencias al millor concurs de la televisi\u00f3<\/div>\n<\/li>\n<\/ul>\n[\/vc_column_text][\/vc_column_inner][vc_column_inner column_padding=&#8221;no-extra-padding&#8221; column_padding_tablet=&#8221;inherit&#8221; column_padding_phone=&#8221;inherit&#8221; column_padding_position=&#8221;all&#8221; flex_gap_desktop=&#8221;10px&#8221; column_element_direction_desktop=&#8221;default&#8221; column_element_spacing=&#8221;default&#8221; desktop_text_alignment=&#8221;default&#8221; tablet_text_alignment=&#8221;default&#8221; phone_text_alignment=&#8221;default&#8221; background_color_opacity=&#8221;1&#8243; background_hover_color_opacity=&#8221;1&#8243; column_backdrop_filter=&#8221;none&#8221; column_shadow=&#8221;none&#8221; column_border_radius=&#8221;none&#8221; column_link_target=&#8221;_self&#8221; overflow=&#8221;visible&#8221; advanced_gradient_angle=&#8221;0&#8243; gradient_direction=&#8221;left_to_right&#8221; overlay_strength=&#8221;0.3&#8243; width=&#8221;1\/12&#8243; tablet_width_inherit=&#8221;default&#8221; animation_type=&#8221;default&#8221; bg_image_animation=&#8221;none&#8221; border_type=&#8221;simple&#8221; column_border_width=&#8221;none&#8221; column_border_style=&#8221;solid&#8221; gradient_type=&#8221;default&#8221; offset=&#8221;vc_hidden-sm vc_hidden-xs&#8221;][\/vc_column_inner][\/vc_row_inner][\/vc_column][\/vc_row][vc_row type=&#8221;in_container&#8221; full_screen_row_position=&#8221;middle&#8221; column_margin=&#8221;default&#8221; column_direction=&#8221;default&#8221; column_direction_tablet=&#8221;default&#8221; column_direction_phone=&#8221;default&#8221; scene_position=&#8221;center&#8221; text_color=&#8221;dark&#8221; text_align=&#8221;left&#8221; row_border_radius=&#8221;none&#8221; row_border_radius_applies=&#8221;bg&#8221; row_position_desktop=&#8221;default&#8221; row_position_tablet=&#8221;inherit&#8221; row_position_phone=&#8221;inherit&#8221; overflow=&#8221;visible&#8221; class=&#8221;fake-toggle split&#8221; advanced_gradient_angle=&#8221;0&#8243; overlay_strength=&#8221;0.3&#8243; gradient_direction=&#8221;left_to_right&#8221; shape_divider_position=&#8221;bottom&#8221; bg_image_animation=&#8221;none&#8221; gradient_type=&#8221;default&#8221; shape_type=&#8221;&#8221;][vc_column column_padding=&#8221;no-extra-padding&#8221; column_padding_tablet=&#8221;inherit&#8221; column_padding_phone=&#8221;inherit&#8221; column_padding_position=&#8221;all&#8221; flex_gap_desktop=&#8221;10px&#8221; column_element_direction_desktop=&#8221;default&#8221; column_element_spacing=&#8221;default&#8221; desktop_text_alignment=&#8221;default&#8221; tablet_text_alignment=&#8221;default&#8221; phone_text_alignment=&#8221;default&#8221; background_color_opacity=&#8221;1&#8243; background_hover_color_opacity=&#8221;1&#8243; column_backdrop_filter=&#8221;none&#8221; column_shadow=&#8221;none&#8221; column_border_radius=&#8221;none&#8221; column_link_target=&#8221;_self&#8221; column_position=&#8221;default&#8221; gradient_direction=&#8221;left_to_right&#8221; overlay_strength=&#8221;0.3&#8243; width=&#8221;1\/1&#8243; tablet_width_inherit=&#8221;default&#8221; animation_type=&#8221;default&#8221; bg_image_animation=&#8221;none&#8221; border_type=&#8221;simple&#8221; column_border_width=&#8221;none&#8221; column_border_style=&#8221;solid&#8221;][toggles style=&#8221;default&#8221; border_radius=&#8221;none&#8221;][toggle color=&#8221;Default&#8221; heading_tag=&#8221;default&#8221; heading_tag_functionality=&#8221;default&#8221; title=&#8221;Ver m\u00e1s&#8221;][vc_row_inner column_margin=&#8221;default&#8221; column_direction=&#8221;default&#8221; column_direction_tablet=&#8221;default&#8221; column_direction_phone=&#8221;default&#8221; text_align=&#8221;left&#8221; row_position=&#8221;default&#8221; row_position_tablet=&#8221;inherit&#8221; row_position_phone=&#8221;inherit&#8221; overflow=&#8221;visible&#8221; pointer_events=&#8221;all&#8221;][vc_column_inner column_padding=&#8221;no-extra-padding&#8221; column_padding_tablet=&#8221;inherit&#8221; column_padding_phone=&#8221;inherit&#8221; column_padding_position=&#8221;all&#8221; flex_gap_desktop=&#8221;10px&#8221; column_element_direction_desktop=&#8221;default&#8221; column_element_spacing=&#8221;default&#8221; desktop_text_alignment=&#8221;default&#8221; tablet_text_alignment=&#8221;default&#8221; phone_text_alignment=&#8221;default&#8221; background_color_opacity=&#8221;1&#8243; background_hover_color_opacity=&#8221;1&#8243; column_backdrop_filter=&#8221;none&#8221; column_shadow=&#8221;none&#8221; column_border_radius=&#8221;none&#8221; column_link_target=&#8221;_self&#8221; overflow=&#8221;visible&#8221; advanced_gradient_angle=&#8221;0&#8243; gradient_direction=&#8221;left_to_right&#8221; overlay_strength=&#8221;0.3&#8243; width=&#8221;1\/12&#8243; tablet_width_inherit=&#8221;default&#8221; animation_type=&#8221;default&#8221; bg_image_animation=&#8221;none&#8221; border_type=&#8221;simple&#8221; column_border_width=&#8221;none&#8221; column_border_style=&#8221;solid&#8221; gradient_type=&#8221;default&#8221; offset=&#8221;vc_hidden-sm vc_hidden-xs&#8221;][\/vc_column_inner][vc_column_inner column_padding=&#8221;no-extra-padding&#8221; column_padding_tablet=&#8221;inherit&#8221; column_padding_phone=&#8221;inherit&#8221; column_padding_position=&#8221;all&#8221; flex_gap_desktop=&#8221;10px&#8221; column_element_direction_desktop=&#8221;default&#8221; column_element_spacing=&#8221;default&#8221; desktop_text_alignment=&#8221;default&#8221; tablet_text_alignment=&#8221;default&#8221; phone_text_alignment=&#8221;default&#8221; background_color_opacity=&#8221;1&#8243; background_hover_color_opacity=&#8221;1&#8243; column_backdrop_filter=&#8221;none&#8221; column_shadow=&#8221;none&#8221; column_border_radius=&#8221;none&#8221; column_link_target=&#8221;_self&#8221; overflow=&#8221;visible&#8221; gradient_direction=&#8221;left_to_right&#8221; overlay_strength=&#8221;0.3&#8243; width=&#8221;10\/12&#8243; tablet_width_inherit=&#8221;default&#8221; animation_type=&#8221;default&#8221; bg_image_animation=&#8221;none&#8221; border_type=&#8221;simple&#8221; column_border_width=&#8221;none&#8221; column_border_style=&#8221;solid&#8221;][vc_column_text css=&#8221;&#8221; text_direction=&#8221;default&#8221;]\n<ul class=\"award-list\">\n<li class=\"award-ittem\">\n<div class=\"award-year\">2018<\/div>\n<div class=\"award-program\">\u00a1BOOM!<\/div>\n<div class=\"award-detail\">Premi \u201cEl Televisero\u201d al millor concurs del 2018<\/div>\n<\/li>\n<li class=\"award-ittem\">\n<div class=\"award-year\">2018<\/div>\n<div class=\"award-program\">Operaci\u00f3n Triunfo 2018<\/div>\n<div class=\"award-detail\">Roberto Leal, Premi Teleaudiencias per la seva labor a \u201cOperaci\u00f3n Triunfo\u201d i \u201cBailando con las Estrellas\u201d<\/div>\n<\/li>\n<li class=\"award-ittem\">\n<div class=\"award-year\">2018<\/div>\n<div class=\"award-program\">Operaci\u00f3n Triunfo 2018<\/div>\n<div class=\"award-detail\">Roberto Leal, Premi Telemagazine com a millor presentador de l\u2019any 2018<\/div>\n<\/li>\n<li class=\"award-ittem\">\n<div class=\"award-year\">2018<\/div>\n<div class=\"award-program\">Operaci\u00f3n Triunfo 2018<\/div>\n<div class=\"award-detail\">Roberto Leal, Premi \u2018El Televisero\u2019 com a millor presentador per \u201cOperaci\u00f3n Triunfo 2018\u201d<\/div>\n<\/li>\n<li class=\"award-ittem\">\n<div class=\"award-year\">2018<\/div>\n<div class=\"award-program\">Operaci\u00f3n Triunfo 2017<\/div>\n<div class=\"award-detail\">Roberto Leal, Premi Iris com a millor presentador de programes per \u201cOperaci\u00f3n Triunfo 2017\u201d<\/div>\n<\/li>\n<li class=\"award-ittem\">\n<div class=\"award-year\">2018<\/div>\n<div class=\"award-program\">Operaci\u00f3n Triunfo 2018<\/div>\n<div class=\"award-detail\">Premi \u2018El Televisero\u2019 al millor concurs-reality 2018<\/div>\n<\/li>\n<li class=\"award-ittem\">\n<div class=\"award-year\">2018<\/div>\n<div class=\"award-program\">Operaci\u00f3n Triunfo 2018<\/div>\n<div class=\"award-detail\">Premi Teleaudiencias al millor talent show 2018<\/div>\n<\/li>\n<li class=\"award-ittem\">\n<div class=\"award-year\">2018<\/div>\n<div class=\"award-program\">Operaci\u00f3n Triunfo 2018<\/div>\n<div class=\"award-detail\">Premi Telemagazine al millor talent show 2018<\/div>\n<\/li>\n<li class=\"award-ittem\">\n<div class=\"award-year\">2018<\/div>\n<div class=\"award-program\">Operaci\u00f3n Triunfo 2018<\/div>\n<div class=\"award-detail\">La final de \u201cOperaci\u00f3n Triunfo 2018&#8243;: Event televisiu de l\u2019any als Premis Telemagazine 2018<\/div>\n<\/li>\n<li class=\"award-ittem\">\n<div class=\"award-year\">2018<\/div>\n<div class=\"award-program\">Operaci\u00f3n Triunfo 2017<\/div>\n<div class=\"award-detail\">Premi Iris com millor programa<\/div>\n<\/li>\n<li class=\"award-ittem\">\n<div class=\"award-year\">2018<\/div>\n<div class=\"award-program\">Operaci\u00f3n Triunfo 2017<\/div>\n<div class=\"award-detail\">Premi Ondas Nacional de Televisi\u00f3 com \u201cMillor programa d\u2019entreteniment\u201d<\/div>\n<\/li>\n<li class=\"award-ittem\">\n<div class=\"award-year\">2018<\/div>\n<div class=\"award-program\">Operaci\u00f3n Triunfo 2017<\/div>\n<div class=\"award-detail\">Premi Ondas Nacional de la M\u00fasica com \u201cFen\u00f2men musical de l\u2019any\u201d<\/div>\n<\/li>\n<li class=\"award-ittem\">\n<div class=\"award-year\">2018<\/div>\n<div class=\"award-program\">Operaci\u00f3n Triunfo 2017<\/div>\n<div class=\"award-detail\">Premi de la cr\u00edtica del Festival de Vitoria<\/div>\n<\/li>\n<li class=\"award-ittem\">\n<div class=\"award-year\">2018<\/div>\n<div class=\"award-program\">Operaci\u00f3n Triunfo 2017<\/div>\n<div class=\"award-detail\">Some Summer Awards Sunshine! Premi YouTube a Gestmusic<\/div>\n<\/li>\n<li class=\"award-ittem\">\n<div class=\"award-year\">2018<\/div>\n<div class=\"award-program\">Operaci\u00f3n Triunfo 2017<\/div>\n<div class=\"award-detail\">Premi \u201cBaeza por la Diversidad 2018\u201d<\/div>\n<\/li>\n<li class=\"award-ittem\">\n<div class=\"award-year\">2018<\/div>\n<div class=\"award-program\">Operaci\u00f3n Triunfo 2017<\/div>\n<div class=\"award-detail\">Millor programa d\u2019entretenimient als II Premis Aqu\u00ed TV<\/div>\n<\/li>\n<li class=\"award-ittem\">\n<div class=\"award-year\">2018<\/div>\n<div class=\"award-program\">Operaci\u00f3n Triunfo 2017<\/div>\n<div class=\"award-detail\">Premi Alegr\u00eda de Vivir VI Edici\u00f3 2018<\/div>\n<\/li>\n<li class=\"award-ittem\">\n<div class=\"award-year\">2018<\/div>\n<div class=\"award-program\">Operaci\u00f3n Triunfo 2017<\/div>\n<div class=\"award-detail\">Premi Transmedia en la XII Edici\u00f3 dels GoliADs<\/div>\n<\/li>\n<li class=\"award-ittem\">\n<div class=\"award-year\">2018<\/div>\n<div class=\"award-program\">Operaci\u00f3n Triunfo 2017<\/div>\n<div class=\"award-detail\">Premi Diversa Televisi\u00f3n 2018<\/div>\n<\/li>\n<li class=\"award-ittem\">\n<div class=\"award-year\">2018<\/div>\n<div class=\"award-program\">\u00a1Ahora Caigo!<\/div>\n<div class=\"award-detail\">Premi Alegr\u00eda de Vivir 2018 en Televisi\u00f3<\/div>\n<\/li>\n<li class=\"award-ittem\">\n<div class=\"award-year\">2017<\/div>\n<div class=\"award-program\">\u00a1Ahora Caigo!<\/div>\n<div class=\"award-detail\">Premi Zapping al millor programa d\u2019entreteniment 2017<\/div>\n<\/li>\n<li class=\"award-ittem\">\n<div class=\"award-year\">2017<\/div>\n<div class=\"award-program\">Operaci\u00f3n Triunfo 2017<\/div>\n<div class=\"award-detail\">Premi Teletuitero al millor talent show 2017 per a \u201cOperaci\u00f3n Triunfo 2017\u201d<\/div>\n<\/li>\n<li class=\"award-ittem\">\n<div class=\"award-year\">2017<\/div>\n<div class=\"award-program\">Operaci\u00f3n Triunfo 2017<\/div>\n<div class=\"award-detail\">Roberto Leal, Premi Teletuitero a la millor conducci\u00f3 masculina 2017 per \u201cOperaci\u00f3n Triunfo 2017\u201d<\/div>\n<\/li>\n<li class=\"award-ittem\">\n<div class=\"award-year\">2017<\/div>\n<div class=\"award-program\">Operaci\u00f3n Triunfo 2017<\/div>\n<div class=\"award-detail\">Premi Dial: premi especial com a fen\u00f2men musical de l\u2019any<\/div>\n<\/li>\n<li class=\"award-ittem\">\n<div class=\"award-year\">2017<\/div>\n<div class=\"award-program\">Operaci\u00f3n Triunfo 2017<\/div>\n<div class=\"award-detail\">Premi Telemagazine 2017 al millor programa d\u2019entreteniment 2017<\/div>\n<\/li>\n<li class=\"award-ittem\">\n<div class=\"award-year\">2017<\/div>\n<div class=\"award-program\">Operaci\u00f3n Triunfo 2017<\/div>\n<div class=\"award-detail\">Roberto Leal, Premi Telemagazine 2017 millor presentador de l\u2019any ( Operaci\u00f3n Triunfo 2017 &amp; Espa\u00f1a Directo)<\/div>\n<\/li>\n<li class=\"award-ittem\">\n<div class=\"award-year\">2017<\/div>\n<div class=\"award-program\">Operaci\u00f3n Triunfo 2017<\/div>\n<div class=\"award-detail\">Roberto Leal, Premi Zapping al millor presentador del 2017<\/div>\n<\/li>\n<li class=\"award-ittem\">\n<div class=\"award-year\">2017<\/div>\n<div class=\"award-program\">Operaci\u00f3n Triunfo 2017<\/div>\n<div class=\"award-detail\">Alfred y Amaia, Premi Telemagazine 2017 al millor moment de l\u2019any per \u2018City of Stars\u2019<\/div>\n<\/li>\n<li class=\"award-ittem\">\n<div class=\"award-year\">2017<\/div>\n<div class=\"award-program\">OT: El reencuentro<\/div>\n<div class=\"award-detail\">Premi de la cr\u00edtica del FESTVAL al millor programa d\u2019entreteniment<\/div>\n<\/li>\n<li class=\"award-ittem\">\n<div class=\"award-year\">2017<\/div>\n<div class=\"award-program\">Tu Cara Me Suena<\/div>\n<div class=\"award-detail\">Premio Aqu\u00ed TV al millor talent show d\u2019Espanya<\/div>\n<\/li>\n<li class=\"award-ittem\">\n<div class=\"award-year\">2017<\/div>\n<div class=\"award-program\">Tu Cara Me Suena<\/div>\n<div class=\"award-detail\">Premi Iris de l\u2019Academia de TV al millor programa d\u2019entreteniment<\/div>\n<\/li>\n<li class=\"award-ittem\">\n<div class=\"award-year\">2016<\/div>\n<div class=\"award-program\">Tu Cara Me Suena<\/div>\n<div class=\"award-detail\">Premi \u2018Teletuitero\u2019 al millor programa d\u2019entreteniment 2016<\/div>\n<\/li>\n<li class=\"award-ittem\">\n<div class=\"award-year\">2016<\/div>\n<div class=\"award-program\">Tu Cara Me Suena<\/div>\n<div class=\"award-detail\">Premi \u2018El Televisero\u2019 al millor concurs-reality 2016<\/div>\n<\/li>\n<li class=\"award-ittem\">\n<div class=\"award-year\">2016<\/div>\n<div class=\"award-program\">Gestmusic<\/div>\n<div class=\"award-detail\">Jordi Rosell, Premi Talento de la Academia de TV a Jordi Rosell, productor executiu i director de programes a Gestmusic<\/div>\n<\/li>\n<li class=\"award-ittem\">\n<div class=\"award-year\">2016<\/div>\n<div class=\"award-program\">OT: el reencuentro<\/div>\n<div class=\"award-detail\">Premi al millor esdeveniment televisiu per \u2018Premios Telemagazine 2016\u2019<\/div>\n<\/li>\n<li class=\"award-ittem\">\n<div class=\"award-year\">2016<\/div>\n<div class=\"award-program\">OT: en concierto<\/div>\n<div class=\"award-detail\">Premi a la millor producci\u00f3 televisiva per TVR (Rioja Televisi\u00f3n)<\/div>\n<\/li>\n<li class=\"award-ittem\">\n<div class=\"award-year\">2016<\/div>\n<div class=\"award-program\">Tu Cara Me Suena<\/div>\n<div class=\"award-detail\">Premi FAPAE 2016 al format espanyol amb major repercussi\u00f3 internacional<\/div>\n<\/li>\n<li class=\"award-ittem\">\n<div class=\"award-year\">2016<\/div>\n<div class=\"award-program\">Tu Cara Me Suena<\/div>\n<div class=\"award-detail\">Premi de la cr\u00edtica del FESTVAL al millor programa d\u2019entreteniment<\/div>\n<\/li>\n<li class=\"award-ittem\">\n<div class=\"award-year\">2015<\/div>\n<div class=\"award-program\">Tu Cara Me Suena<\/div>\n<div class=\"award-detail\">Premi Ondas Nacional de Televisi\u00f3 com a millor programa d\u2019entreteniment<\/div>\n<\/li>\n<li class=\"award-ittem\">\n<div class=\"award-year\">2015<\/div>\n<div class=\"award-program\">Tu Cara Me Suena<\/div>\n<div class=\"award-detail\">Tale E Quale Show (versi\u00f3 italiana) Premi Regia Televisiva<\/div>\n<\/li>\n<li class=\"award-ittem\">\n<div class=\"award-year\">2015<\/div>\n<div class=\"award-program\">Tu Cara Me Suena<\/div>\n<div class=\"award-detail\">Tale E Quale Show (versi\u00f3 italiana) Premi programma dell\u2019anno (Premi votat pel p\u00fablic)<\/div>\n<\/li>\n<li class=\"award-ittem\">\n<div class=\"award-year\">2014<\/div>\n<div class=\"award-program\">Tu Cara Me Suena<\/div>\n<div class=\"award-detail\">A Tua Cara Nao Me \u00c8 Estranha (versi\u00f3 portuguesa) Premi TV 7 D\u00edas al millor programa d\u2019entreteniment<\/div>\n<\/li>\n<li class=\"award-ittem\">\n<div class=\"award-year\">2014<\/div>\n<div class=\"award-program\">Gestmusic<\/div>\n<div class=\"award-detail\">Premi Zoom d\u2019Honor d\u2019Igualada com a productora<\/div>\n<\/li>\n<li class=\"award-ittem\">\n<div class=\"award-year\">2014<\/div>\n<div class=\"award-program\">Gestmusic<\/div>\n<div class=\"award-detail\">Premi Alegr\u00eda de Vivir com a productora catalana<\/div>\n<\/li>\n<li class=\"award-ittem\">\n<div class=\"award-year\">2014<\/div>\n<div class=\"award-program\">Gestmusic<\/div>\n<div class=\"award-detail\">Montse Claros, Premi Talento de l\u2019Academia de TV<\/div>\n<\/li>\n<li class=\"award-ittem\">\n<div class=\"award-year\">2014<\/div>\n<div class=\"award-program\">\u00a1Ahora Caigo!<\/div>\n<div class=\"award-detail\">Premi Ondas al millor presentador, Arturo Valls<\/div>\n<\/li>\n<li class=\"award-ittem\">\n<div class=\"award-year\">2014<\/div>\n<div class=\"award-program\">\u00a1Ahora Caigo!<\/div>\n<div class=\"award-detail\">Premi Iris de l\u2019Academia de TV al millor presentador de programes, Arturo Valls<\/div>\n<\/li>\n<li class=\"award-ittem\">\n<div class=\"award-year\">2014<\/div>\n<div class=\"award-program\">Tu Cara Me Suena<\/div>\n<div class=\"award-detail\">Premi \u2018El Televisero\u2019 al millor programa<\/div>\n<\/li>\n<li class=\"award-ittem\">\n<div class=\"award-year\">2013<\/div>\n<div class=\"award-program\">Tu Cara Me Suena<\/div>\n<div class=\"award-detail\">(Argentina) Premi TATO a la millor escenografia<\/div>\n<\/li>\n<li class=\"award-ittem\">\n<div class=\"award-year\">2013<\/div>\n<div class=\"award-program\">Tu Cara Me Suena<\/div>\n<div class=\"award-detail\">(Argentina) Premi TATO al millor programa, categoria Big Show<\/div>\n<\/li>\n<li class=\"award-ittem\">\n<div class=\"award-year\">2013<\/div>\n<div class=\"award-program\">Tu Cara Me Suena<\/div>\n<div class=\"award-detail\">Tale E Quale Show (versi\u00f3 italiana) Premi Regia Televisiva Trasmissione dell\u2019anno<\/div>\n<\/li>\n<li class=\"award-ittem\">\n<div class=\"award-year\">2013<\/div>\n<div class=\"award-program\">Tu Cara Me Suena<\/div>\n<div class=\"award-detail\">Tale E Quale Show (versi\u00f3 italiana) Premi Regia Televisiva al programa Top Ten<\/div>\n<\/li>\n<li class=\"award-ittem\">\n<div class=\"award-year\">2013<\/div>\n<div class=\"award-program\">Tu Cara Me Suena<\/div>\n<div class=\"award-detail\">Premi de la cr\u00edtica FESTVAL al programa m\u00e9s divertit<\/div>\n<\/li>\n<li class=\"award-ittem\">\n<div class=\"award-year\">2013<\/div>\n<div class=\"award-program\">Tu Cara Me Suena<\/div>\n<div class=\"award-detail\">Premi Iris de l\u2019Academia de TV al millor maquillatge, perruqueria i caracteritzaci\u00f3 a l\u2019equip del programa<\/div>\n<\/li>\n<li class=\"award-ittem\">\n<div class=\"award-year\">2012<\/div>\n<div class=\"award-program\">Tu Cara Me Suena<\/div>\n<div class=\"award-detail\">Premi C21 Frapa Awards, the best competition realiti format<\/div>\n<\/li>\n<li class=\"award-ittem\">\n<div class=\"award-year\">2012<\/div>\n<div class=\"award-program\">Tu Cara Me Suena<\/div>\n<div class=\"award-detail\">Premi Iris de l\u2019Academia de TV al millor maquillatge, perruqueria i caracteritzaci\u00f3 a l\u2019equip del programa<\/div>\n<\/li>\n<li class=\"award-ittem\">\n<div class=\"award-year\">2012<\/div>\n<div class=\"award-program\">Tu Cara Me Suena<\/div>\n<div class=\"award-detail\">Premi Antena d\u2019Or al millor presentador, Manel Fuentes<\/div>\n<\/li>\n<li class=\"award-ittem\">\n<div class=\"award-year\">2012<\/div>\n<div class=\"award-program\">\u00a1Ahora Caigo!<\/div>\n<div class=\"award-detail\">Premi Zapping a Arturo Valls com a millor presentador<\/div>\n<\/li>\n<li class=\"award-ittem\">\n<div class=\"award-year\">2011<\/div>\n<div class=\"award-program\">Tu Cara Me Suena<\/div>\n<div class=\"award-detail\">Premi Iris de l\u2019Academia de TV al millor maquillatge, perruqueria i caracteritzaci\u00f3 per a Raquel Gonz\u00e1lez<\/div>\n<\/li>\n<li class=\"award-ittem\">\n<div class=\"award-year\">2011<\/div>\n<div class=\"award-program\">Atrapa un Mill\u00f3n<\/div>\n<div class=\"award-detail\">Premi Zapping al millor programa d\u2019entreteniment \/concurs<\/div>\n<\/li>\n<li class=\"award-ittem\">\n<div class=\"award-year\">2011<\/div>\n<div class=\"award-program\">Atrapa un Mill\u00f3n<\/div>\n<div class=\"award-detail\">Premi Ondas al millor programa d\u2019entreteniment<\/div>\n<\/li>\n<li class=\"award-ittem\">\n<div class=\"award-year\">2011<\/div>\n<div class=\"award-program\">Atrapa un Mill\u00f3n<\/div>\n<div class=\"award-detail\">TP d\u2019Or al millor presentador, Carlos Sobera<\/div>\n<\/li>\n<li class=\"award-ittem\">\n<div class=\"award-year\">2011<\/div>\n<div class=\"award-program\">Atrapa un Mill\u00f3n<\/div>\n<div class=\"award-detail\">TP d\u2019Or al millor concurs<\/div>\n<\/li>\n<li class=\"award-ittem\">\n<div class=\"award-year\">2011<\/div>\n<div class=\"award-program\">Atrapa un Mill\u00f3n<\/div>\n<div class=\"award-detail\">Premi FESTVAL per al programa descobriment<\/div>\n<\/li>\n<li class=\"award-ittem\">\n<div class=\"award-year\">2011<\/div>\n<div class=\"award-program\">Gestmusic<\/div>\n<div class=\"award-detail\">Tinet Rubira, Premi Talento de l\u2019Academia de TV<\/div>\n<\/li>\n<li class=\"award-ittem\">\n<div class=\"award-year\">2008<\/div>\n<div class=\"award-program\">El Hormiguero<\/div>\n<div class=\"award-detail\">Premi Iris de l\u2019Academia de TV al millor programa d\u2019entreteniment<\/div>\n<\/li>\n<li class=\"award-ittem\">\n<div class=\"award-year\">2008<\/div>\n<div class=\"award-program\">El Hormiguero<\/div>\n<div class=\"award-detail\">Premi Ondas al millor programa d\u2019entreteniment<\/div>\n<\/li>\n<li class=\"award-ittem\">\n<div class=\"award-year\">2007<\/div>\n<div class=\"award-program\">Operaci\u00f3n Triunfo<\/div>\n<div class=\"award-detail\">Premi Ondas al millor presentador, Jes\u00fas V\u00e1zquez<\/div>\n<\/li>\n<li class=\"award-ittem\">\n<div class=\"award-year\">2006<\/div>\n<div class=\"award-program\">Gala 50 Aniversario TVE<\/div>\n<div class=\"award-detail\">Premi Iris de l\u2019Academia de Televisi\u00f3 al millor escen\u00f2graf, Luis Gracia<\/div>\n<\/li>\n<li class=\"award-ittem\">\n<div class=\"award-year\">2006<\/div>\n<div class=\"award-program\">\u00a1Mira Qui\u00e9n Baila!<\/div>\n<div class=\"award-detail\">Premi Iris de l\u2019Academia de Televisi\u00f3 al millor escen\u00f2graf, Luis Gracia<\/div>\n<\/li>\n<li class=\"award-ittem\">\n<div class=\"award-year\">2006<\/div>\n<div class=\"award-program\">Channel N\u00ba 4<\/div>\n<div class=\"award-detail\">TP d\u2019Or al millor magazine<\/div>\n<\/li>\n<li class=\"award-ittem\">\n<div class=\"award-year\">2006<\/div>\n<div class=\"award-program\">Operaci\u00f3n Triunfo y \u00a1All\u00e1 T\u00fa!<\/div>\n<div class=\"award-detail\">TP d\u2019Or al millor presentador, Jes\u00fas V\u00e1zquez<\/div>\n<\/li>\n<li class=\"award-ittem\">\n<div class=\"award-year\">2006<\/div>\n<div class=\"award-program\">Operaci\u00f3n Triunfo<\/div>\n<div class=\"award-detail\">TP d\u2019Or al millor concurs reality<\/div>\n<\/li>\n<li class=\"award-ittem\">\n<div class=\"award-year\">2005<\/div>\n<div class=\"award-program\">\u00a1Mira Qui\u00e9n Baila!<\/div>\n<div class=\"award-detail\">TP d\u2019Or al millor concurs reality<\/div>\n<\/li>\n<li class=\"award-ittem\">\n<div class=\"award-year\">2005<\/div>\n<div class=\"award-program\">Operaci\u00f3n Triunfo<\/div>\n<div class=\"award-detail\">Premi Ondas al millor programa d\u2019entreteniment<\/div>\n<\/li>\n<li class=\"award-ittem\">\n<div class=\"award-year\">2005<\/div>\n<div class=\"award-program\">Operaci\u00f3n Triunfo y \u00a1All\u00e1 T\u00fa!<\/div>\n<div class=\"award-detail\">TP d\u2019Or al millor presentador, Jes\u00fas V\u00e1zquez<\/div>\n<\/li>\n<li class=\"award-ittem\">\n<div class=\"award-year\">2004<\/div>\n<div class=\"award-program\">\u00a1All\u00e1 T\u00fa!<\/div>\n<div class=\"award-detail\">TP d\u2019Or al millor presentador, Jes\u00fas V\u00e1zquez<\/div>\n<\/li>\n<li class=\"award-ittem\">\n<div class=\"award-year\">2004<\/div>\n<div class=\"award-program\">Eurojunior<\/div>\n<div class=\"award-detail\">TP d\u2019Or al millor concurs reality<\/div>\n<\/li>\n<li class=\"award-ittem\">\n<div class=\"award-year\">2003<\/div>\n<div class=\"award-program\">Cr\u00f3nicas Marcianas<\/div>\n<div class=\"award-detail\">TP d\u2019Or al millor presentador, Javier Sard\u00e0<\/div>\n<\/li>\n<li class=\"award-ittem\">\n<div class=\"award-year\">2003<\/div>\n<div class=\"award-program\">Cr\u00f3nicas Marcianas<\/div>\n<div class=\"award-detail\">TP d\u2019Or al millor programa d\u2019espectacles i entreteniment<\/div>\n<\/li>\n<li class=\"award-ittem\">\n<div class=\"award-year\">2003<\/div>\n<div class=\"award-program\">Operaci\u00f3n Triunfo<\/div>\n<div class=\"award-detail\">TP d\u2019Or al millor concurs reality<\/div>\n<\/li>\n<li class=\"award-ittem\">\n<div class=\"award-year\">2002<\/div>\n<div class=\"award-program\">Operaci\u00f3n Triunfo<\/div>\n<div class=\"award-detail\">Premi Ondas al fenomen musical discogr\u00e0fic \u2018Operaci\u00f3n Triunfo\u2019, i en particular al David Bisbal per l\u2019\u00e8xit del disc Coraz\u00f3n Latino<\/div>\n<\/li>\n<li class=\"award-ittem\">\n<div class=\"award-year\">2002<\/div>\n<div class=\"award-program\">Operaci\u00f3n Triunfo<\/div>\n<div class=\"award-detail\">Premi Ondas al millor programa d\u2019entreteniment<\/div>\n<\/li>\n<li class=\"award-ittem\">\n<div class=\"award-year\">2002<\/div>\n<div class=\"award-program\">Cr\u00f3nicas Marcianas<\/div>\n<div class=\"award-detail\">TP d\u2019Or al millor presentador, Javier Sard\u00e0<\/div>\n<\/li>\n<li class=\"award-ittem\">\n<div class=\"award-year\">2002<\/div>\n<div class=\"award-program\">Operaci\u00f3n Triunfo<\/div>\n<div class=\"award-detail\">TP d\u2019Or al millor programa d\u2019espectacles i entreteniment<\/div>\n<\/li>\n<li class=\"award-ittem\">\n<div class=\"award-year\">2001<\/div>\n<div class=\"award-program\">Operaci\u00f3n Triunfo<\/div>\n<div class=\"award-detail\">Premi Zapping al millor concurs<\/div>\n<\/li>\n<li class=\"award-ittem\">\n<div class=\"award-year\">2001<\/div>\n<div class=\"award-program\">Operaci\u00f3n Triunfo<\/div>\n<div class=\"award-detail\">TP d\u2019Or al millor presentador, Carlos Lozano<\/div>\n<\/li>\n<li class=\"award-ittem\">\n<div class=\"award-year\">2001<\/div>\n<div class=\"award-program\">Operaci\u00f3n Triunfo<\/div>\n<div class=\"award-detail\">TP d\u2019Or al millor programa d\u2019espectacles i entreteniment<\/div>\n<\/li>\n<li class=\"award-ittem\">\n<div class=\"award-year\">2001<\/div>\n<div class=\"award-program\">Operaci\u00f3n Triunfo<\/div>\n<div class=\"award-detail\">Premi Iris de l\u2019Academia de Televisi\u00f3 com a millor programa d\u2019entreteniment<\/div>\n<\/li>\n<li class=\"award-ittem\">\n<div class=\"award-year\">2001<\/div>\n<div class=\"award-program\">Operaci\u00f3n Triunfo<\/div>\n<div class=\"award-detail\">Premi Iris de l\u2019Academia de Televisi\u00f3 a Albert Grau per millor producci\u00f3<\/div>\n<\/li>\n<li class=\"award-ittem\">\n<div class=\"award-year\">2001<\/div>\n<div class=\"award-program\">Operaci\u00f3n Triunfo<\/div>\n<div class=\"award-detail\">Premi Iris de l\u2019Academia de Televisi\u00f3 a Ferran Armengol per millor realitzaci\u00f3<\/div>\n<\/li>\n<li class=\"award-ittem\">\n<div class=\"award-year\">2001<\/div>\n<div class=\"award-program\">Operaci\u00f3n Triunfo<\/div>\n<div class=\"award-detail\">Premi Iris de l\u2019Academia de Televisi\u00f3 per a Tinet Rubira per millor direcci\u00f3<\/div>\n<\/li>\n<li class=\"award-ittem\">\n<div class=\"award-year\">2000<\/div>\n<div class=\"award-program\">Cr\u00f3nicas Marcianas<\/div>\n<div class=\"award-detail\">Premi Ondas al millor programa d\u2019entreteniment<\/div>\n<\/li>\n<li class=\"award-ittem\">\n<div class=\"award-year\">2000<\/div>\n<div class=\"award-program\">Cr\u00f3nicas Marcianas<\/div>\n<div class=\"award-detail\">TP d\u2019Or al millor programa espectacle d\u2019entreteniment<\/div>\n<\/li>\n<li class=\"award-ittem\">\n<div class=\"award-year\">1999<\/div>\n<div class=\"award-program\">Cr\u00f3nicas Marcianas<\/div>\n<div class=\"award-detail\">Premi Iris de l\u2019Academia de Televisi\u00f3 al millor comunicador de programa d\u2019entreteniment per a Javier Sard\u00e0<\/div>\n<\/li>\n<li class=\"award-ittem\">\n<div class=\"award-year\">1999<\/div>\n<div class=\"award-program\">Lluvia de Estrellas<\/div>\n<div class=\"award-detail\">TP d\u2019Or al millor programa d\u2019espectacles i entreteniment<\/div>\n<\/li>\n<li class=\"award-ittem\">\n<div class=\"award-year\">1999<\/div>\n<div class=\"award-program\">Alta Tensi\u00f3n<\/div>\n<div class=\"award-detail\">TP d\u2019Or al millor presentador, Constantino Romero<\/div>\n<\/li>\n<li class=\"award-ittem\">\n<div class=\"award-year\">1998<\/div>\n<div class=\"award-program\">Lluvia de Estrellas<\/div>\n<div class=\"award-detail\">Premi Zapping com a millor presentador, Bert\u00edn Osborne<\/div>\n<\/li>\n<li class=\"award-ittem\">\n<div class=\"award-year\">1998<\/div>\n<div class=\"award-program\">La Parodia Nacional<\/div>\n<div class=\"award-detail\">Premi Ondas al millor programa d\u2019entreteniment<\/div>\n<\/li>\n<li class=\"award-ittem\">\n<div class=\"award-year\">1998<\/div>\n<div class=\"award-program\">Cr\u00f3nicas Marcianas<\/div>\n<div class=\"award-detail\">TP d\u2019Or al millor programa espectacle d\u2019entreteniment<\/div>\n<\/li>\n<li class=\"award-ittem\">\n<div class=\"award-year\">1998<\/div>\n<div class=\"award-program\">Cr\u00f3nicas Marcianas<\/div>\n<div class=\"award-detail\">TP d\u2019Or al millor presentador, Javier Sard\u00e0<\/div>\n<\/li>\n<li class=\"award-ittem\">\n<div class=\"award-year\">1998<\/div>\n<div class=\"award-program\">Cr\u00f3nicas Marcianas<\/div>\n<div class=\"award-detail\">Premi Antena d\u2019Or per a Javier Sard\u00e0 a la categoria de Televisi\u00f3<\/div>\n<\/li>\n<li class=\"award-ittem\">\n<div class=\"award-year\">1998<\/div>\n<div class=\"award-program\">Cr\u00f3nicas Marcianas<\/div>\n<div class=\"award-detail\">Rosa de Plata del Festival de Montreux al millor programa de varietats<\/div>\n<\/li>\n<li class=\"award-ittem\">\n<div class=\"award-year\">1997<\/div>\n<div class=\"award-program\">Moros y Cristianos<\/div>\n<div class=\"award-detail\">TP d\u2019Or al millor programa d\u2019entrevistes i debat<\/div>\n<\/li>\n<li class=\"award-ittem\">\n<div class=\"award-year\">1997<\/div>\n<div class=\"award-program\">Cr\u00f3nicas Marcianas<\/div>\n<div class=\"award-detail\">TP d\u2019Or al personatge revelaci\u00f3, Mart\u00ed Galindo<\/div>\n<\/li>\n<li class=\"award-ittem\">\n<div class=\"award-year\">1997<\/div>\n<div class=\"award-program\">Cr\u00f3nicas Marcianas<\/div>\n<div class=\"award-detail\">TP d\u2019Or al millor presentador, Javier Sard\u00e0<\/div>\n<\/li>\n<li class=\"award-ittem\">\n<div class=\"award-year\">1997<\/div>\n<div class=\"award-program\">Cr\u00f3nicas Marcianas<\/div>\n<div class=\"award-detail\">TP d\u2019Or al millor programa magaz\u00edn i varietats<\/div>\n<\/li>\n<li class=\"award-ittem\">\n<div class=\"award-year\">1996<\/div>\n<div class=\"award-program\">La Parodia Nacional<\/div>\n<div class=\"award-detail\">TP d\u2019Or al millor presentador, Constantino Romero<\/div>\n<\/li>\n<li class=\"award-ittem\">\n<div class=\"award-year\">1996<\/div>\n<div class=\"award-program\">La Parodia Nacional<\/div>\n<div class=\"award-detail\">TP d\u2019Or al millor concurs<\/div>\n<\/li>\n<li class=\"award-ittem\">\n<div class=\"award-year\">1995<\/div>\n<div class=\"award-program\">Una hora amb Vittorio Gassman<\/div>\n<div class=\"award-detail\">Premi Ondas, menci\u00f3 especial del jurat per a Rosa Mar\u00eda Sard\u00e0<\/div>\n<\/li>\n<li class=\"award-ittem\">\n<div class=\"award-year\">1987<\/div>\n<div class=\"award-program\">Tariro, Tariro<\/div>\n<div class=\"award-detail\">TP d\u2019Or al millor programa d\u2019entreteniment<\/div>\n<\/li>\n<li class=\"award-ittem\">\n<div class=\"award-year\">1987<\/div>\n<div class=\"award-program\">No Passa Res!<\/div>\n<div class=\"award-detail\">Premi Ondas millor de programa televisi\u00f3<\/div>\n<\/li>\n<\/ul>\n[\/vc_column_text][\/vc_column_inner][vc_column_inner column_padding=&#8221;no-extra-padding&#8221; column_padding_tablet=&#8221;inherit&#8221; column_padding_phone=&#8221;inherit&#8221; column_padding_position=&#8221;all&#8221; flex_gap_desktop=&#8221;10px&#8221; column_element_direction_desktop=&#8221;default&#8221; column_element_spacing=&#8221;default&#8221; desktop_text_alignment=&#8221;default&#8221; tablet_text_alignment=&#8221;default&#8221; phone_text_alignment=&#8221;default&#8221; background_color_opacity=&#8221;1&#8243; background_hover_color_opacity=&#8221;1&#8243; column_backdrop_filter=&#8221;none&#8221; column_shadow=&#8221;none&#8221; column_border_radius=&#8221;none&#8221; column_link_target=&#8221;_self&#8221; overflow=&#8221;visible&#8221; advanced_gradient_angle=&#8221;0&#8243; gradient_direction=&#8221;left_to_right&#8221; overlay_strength=&#8221;0.3&#8243; width=&#8221;1\/12&#8243; tablet_width_inherit=&#8221;default&#8221; animation_type=&#8221;default&#8221; bg_image_animation=&#8221;none&#8221; border_type=&#8221;simple&#8221; column_border_width=&#8221;none&#8221; column_border_style=&#8221;solid&#8221; gradient_type=&#8221;default&#8221; offset=&#8221;vc_hidden-sm vc_hidden-xs&#8221;][\/vc_column_inner][\/vc_row_inner][vc_column_text][\/vc_column_text][\/toggle][\/toggles][\/vc_column][\/vc_row][vc_row type=&#8221;in_container&#8221; full_screen_row_position=&#8221;middle&#8221; column_margin=&#8221;default&#8221; column_direction=&#8221;default&#8221; column_direction_tablet=&#8221;default&#8221; column_direction_phone=&#8221;default&#8221; scene_position=&#8221;center&#8221; text_color=&#8221;dark&#8221; text_align=&#8221;left&#8221; row_border_radius=&#8221;none&#8221; row_border_radius_applies=&#8221;bg&#8221; row_position_desktop=&#8221;default&#8221; row_position_tablet=&#8221;inherit&#8221; row_position_phone=&#8221;inherit&#8221; overflow=&#8221;visible&#8221; overlay_strength=&#8221;0.3&#8243; gradient_direction=&#8221;left_to_right&#8221; shape_divider_position=&#8221;bottom&#8221; bg_image_animation=&#8221;none&#8221;][vc_column column_padding=&#8221;no-extra-padding&#8221; column_padding_tablet=&#8221;inherit&#8221; column_padding_phone=&#8221;inherit&#8221; column_padding_position=&#8221;all&#8221; flex_gap_desktop=&#8221;10px&#8221; column_element_direction_desktop=&#8221;default&#8221; column_element_spacing=&#8221;default&#8221; desktop_text_alignment=&#8221;default&#8221; tablet_text_alignment=&#8221;default&#8221; phone_text_alignment=&#8221;default&#8221; background_color_opacity=&#8221;1&#8243; background_hover_color_opacity=&#8221;1&#8243; column_backdrop_filter=&#8221;none&#8221; column_shadow=&#8221;none&#8221; column_border_radius=&#8221;none&#8221; column_link_target=&#8221;_self&#8221; column_position=&#8221;default&#8221; gradient_direction=&#8221;left_to_right&#8221; overlay_strength=&#8221;0.3&#8243; width=&#8221;1\/1&#8243; tablet_width_inherit=&#8221;default&#8221; animation_type=&#8221;default&#8221; bg_image_animation=&#8221;none&#8221; border_type=&#8221;simple&#8221; column_border_width=&#8221;none&#8221; column_border_style=&#8221;solid&#8221;][vc_column_text]\n[\/vc_column_text][\/vc_column][\/vc_row]\n","protected":false},"excerpt":{"rendered":"<p>[vc_row type=&#8221;in_container&#8221; full_screen_row_position=&#8221;middle&#8221; column_margin=&#8221;default&#8221; column_direction=&#8221;default&#8221; column_direction_tablet=&#8221;default&#8221; column_direction_phone=&#8221;default&#8221; scene_position=&#8221;center&#8221; text_color=&#8221;dark&#8221; text_align=&#8221;left&#8221; row_border_radius=&#8221;none&#8221; row_border_radius_applies=&#8221;bg&#8221; row_position_desktop=&#8221;default&#8221; row_position_tablet=&#8221;inherit&#8221; row_position_phone=&#8221;inherit&#8221; overflow=&#8221;visible&#8221; class=&#8221;half-split-top&#8221; advanced_gradient_angle=&#8221;0&#8243; overlay_strength=&#8221;0.3&#8243; gradient_direction=&#8221;left_to_right&#8221; shape_divider_position=&#8221;bottom&#8221; bg_image_animation=&#8221;none&#8221; gradient_type=&#8221;default&#8221; shape_type=&#8221;&#8221;][vc_column column_padding=&#8221;no-extra-padding&#8221; column_padding_tablet=&#8221;inherit&#8221; column_padding_phone=&#8221;inherit&#8221; column_padding_position=&#8221;all&#8221; flex_gap_desktop=&#8221;10px&#8221; column_element_direction_desktop=&#8221;default&#8221;&#8230;<\/p>\n","protected":false},"author":3,"featured_media":0,"parent":0,"menu_order":0,"comment_status":"closed","ping_status":"closed","template":"","meta":{"inline_featured_image":false,"footnotes":""},"class_list":["post-30885","page","type-page","status-publish"],"_links":{"self":[{"href":"https:\/\/www.gestmusic.es\/ca\/wp-json\/wp\/v2\/pages\/30885","targetHints":{"allow":["GET"]}}],"collection":[{"href":"https:\/\/www.gestmusic.es\/ca\/wp-json\/wp\/v2\/pages"}],"about":[{"href":"https:\/\/www.gestmusic.es\/ca\/wp-json\/wp\/v2\/types\/page"}],"author":[{"embeddable":true,"href":"https:\/\/www.gestmusic.es\/ca\/wp-json\/wp\/v2\/users\/3"}],"replies":[{"embeddable":true,"href":"https:\/\/www.gestmusic.es\/ca\/wp-json\/wp\/v2\/comments?post=30885"}],"version-history":[{"count":27,"href":"https:\/\/www.gestmusic.es\/ca\/wp-json\/wp\/v2\/pages\/30885\/revisions"}],"predecessor-version":[{"id":35047,"href":"https:\/\/www.gestmusic.es\/ca\/wp-json\/wp\/v2\/pages\/30885\/revisions\/35047"}],"wp:attachment":[{"href":"https:\/\/www.gestmusic.es\/ca\/wp-json\/wp\/v2\/media?parent=30885"}],"curies":[{"name":"wp","href":"https:\/\/api.w.org\/{rel}","templated":true}]}}